{"id":7353,"date":"2022-03-31T10:07:20","date_gmt":"2022-03-31T10:07:20","guid":{"rendered":"https:\/\/ampans.cat\/politica-privacitat\/"},"modified":"2023-11-24T12:22:43","modified_gmt":"2023-11-24T10:22:43","slug":"politica-privacidad","status":"publish","type":"page","link":"https:\/\/ampans.cat\/es\/politica-privacidad\/","title":{"rendered":"Pol\u00ed\u00adtica de Privacidad"},"content":{"rendered":"<h3 style=\"text-align: center;\"><b>\u00a0<\/b> <b>Pol\u00edtica de Privacidad<\/b><\/h3>\n<p>&nbsp;<\/p>\n<p><b>Responsable del Tratamiento<\/b><\/p>\n<p><span style=\"font-weight: 400;\">La empresa responsable del tratamiento de sus datos en virtud de esta Pol\u00edtica de privacidad es:<\/span><\/p>\n<p>&nbsp;<\/p>\n<p><span style=\"font-weight: 400;\">FUNDACIO AMPANS NIF: G08444671<\/span><\/p>\n<p><span style=\"font-weight: 400;\">Domicilio: C\/ Bernat de Cabrera, 8 &#8211; 08242 Manresa (Barcelona) <\/span><\/p>\n<p><span style=\"font-weight: 400;\">Direcci\u00f3n de correo electr\u00f3nico: <a href=\"mailto:protecciodades@ampans.cat\">delegatprotecciodades@ampans.cat <\/a><\/span><\/p>\n<p><span style=\"font-weight: 400;\">Web: <\/span><a href=\"https:\/\/ampans.cat\/es\/\"><span style=\"font-weight: 400;\">https:\/\/www.ampans.cat\/es\/<\/span><\/a><\/p>\n<p><span style=\"font-weight: 400;\">Tel\u00e9fono: 93 827 23 00<\/span><\/p>\n<p><span style=\"font-weight: 400;\">Inscrita en el Registre de Fundacions de la Generalitat de Catalunya, n\u00ba 2655<\/span><\/p>\n<p>&nbsp;<\/p>\n<p><span style=\"font-weight: 400;\">En FUNDACIO AMPANS, reconocemos la importancia de proteger su informaci\u00f3n personal y estamos comprometidos a tratarla con responsabilidad y de conformidad con las leyes de protecci\u00f3n de datos.<\/span><\/p>\n<p>&nbsp;<\/p>\n<p><span style=\"font-weight: 400;\">La presente pol\u00edtica de privacidad pretende regular todos los aspectos relativos al tratamiento de datos de los diferentes usuarios que navegan o facilitan sus datos personales a trav\u00e9s de los diferentes formularios situados en la web.<\/span><\/p>\n<p>&nbsp;<\/p>\n<p><b>Datos Personales<\/b><\/p>\n<p><span style=\"font-weight: 400;\">Un dato personal, es la informaci\u00f3n que le identifica o le hace identificable. A trav\u00e9s de la web, en las casillas establecidas al efecto recogemos los datos personales que el usuario nos comunica: Nombre, apellidos, correo electr\u00f3nico, tel\u00e9fono, direcci\u00f3n postal, poblaci\u00f3n, etc. as\u00ed como todos aquellos datos que voluntariamente nos proporcione a trav\u00e9s de cualquier de las redes sociales de las cuales el usuario est\u00e1 registrado. En este caso, la privacidad depender\u00e1 de la propia configuraci\u00f3n establecida por el usuario, as\u00ed como de los t\u00e9rminos y condiciones de la propia red social.<\/span><\/p>\n<p>&nbsp;<\/p>\n<p><span style=\"font-weight: 400;\">La visita del usuario a la web no implica que tenga que facilitar ninguna informaci\u00f3n sobre sus datos personales. No obstante, en caso de facilitarlos, los datos ser\u00e1n tratados de forma l\u00edcita con sujeci\u00f3n en todo momento a los principios y derechos recogidos en el RGPD 2016\/679 de 27 de abril de 2016 y la LOPDGDD 3\/2018 del 5 de diciembre.<\/span><\/p>\n<p>&nbsp;<\/p>\n<p><b>Finalidad, duraci\u00f3n y legitimaci\u00f3n del tratamiento<\/b><span style=\"font-weight: 400;\">:<\/span><\/p>\n<p><span style=\"font-weight: 400;\">Los datos que el usuario nos proporcione los trataremos con las siguientes finalidades:<\/span><\/p>\n<ul>\n<li><span style=\"font-weight: 400;\">Atender la solicitud o petici\u00f3n realizada por el usuario a trav\u00e9s del <\/span><b>formulario de contacto <\/b><span style=\"font-weight: 400;\">situado en la web. Recogemos y tratamos los datos personales del usuario para poder tramitar y gestionar su solicitud, una consulta o cualquier petici\u00f3n que realiza a trav\u00e9s de dicho formulario. Estos datos los conservaremos durante el tiempo necesario para dar cumplimiento a su petici\u00f3n y durante el tiempo establecido por la ley con una duraci\u00f3n m\u00ednima de 3 a\u00f1os.<\/span><\/li>\n<\/ul>\n<blockquote><p><span style=\"font-weight: 400;\">La base de legitimaci\u00f3n del tratamiento de los datos ser\u00e1 el consentimiento que otorga el usuario al seleccionar la casilla de aceptaci\u00f3n de nuestra pol\u00edtica de privacidad antes de enviar la petici\u00f3n. El usuario tiene derecho a revocar su consentimiento en cualquier momento sin que ello afecte a la licitud del tratamiento basado en el consentimiento previo a su retirada.<\/span><\/p><\/blockquote>\n<p>&nbsp;<\/p>\n<ul>\n<li><span style=\"font-weight: 400;\">Enviar <\/span><b>boletines y newsletters <\/b><span style=\"font-weight: 400;\">sobre productos de FUNDACIO AMPANS. Bajo el consentimiento del usuario <\/span>recogemos y tratamos sus datos personales para poder enviarle informaci\u00f3n sobre nuestros productos y servicios. Estos datos los conservaremos mientras el usuario no revoque su consentimiento al tratamiento de los mismos y durante el tiempo establecido por la ley con una duraci\u00f3n m\u00ednima de 3 a\u00f1os.<\/li>\n<\/ul>\n<blockquote><p><span style=\"font-weight: 400;\">La base de legitimaci\u00f3n del tratamiento de los datos ser\u00e1 el consentimiento que otorga el usuario al seleccionar la casilla de aceptaci\u00f3n de nuestra pol\u00edtica de privacidad antes de suscribirse a la newsletter en formulario habilitado a tal efecto en la web. El usuario tiene derecho a revocar su consentimiento en cualquier momento sin que ello afecte a la licitud del tratamiento basado en el consentimiento previo a su retirada.<\/span><\/p><\/blockquote>\n<p>&nbsp;<\/p>\n<ul>\n<li><span style=\"font-weight: 400;\">Atender y gestionar la donaci\u00f3n realizada por el usuario a trav\u00e9s de las <\/span><b>herramientas habilitadas a los efectos de realizar las donaciones <\/b><span style=\"font-weight: 400;\">en el sitio web. Recogemos y tratamos los datos personales del usuario para poder procesar donaci\u00f3n. Estos datos los conservaremos durante el tiempo establecido por la ley para el cumplimiento de las obligaciones fiscales.<\/span><\/li>\n<\/ul>\n<blockquote><p><span style=\"font-weight: 400;\">La base de legitimaci\u00f3n del tratamiento de los datos ser\u00e1 la ejecuci\u00f3n de un contrato de donaci\u00f3n en el que el interesado es parte. En caso que el usuario no facilite sus datos personales no se podr\u00e1 gestionar la transacci\u00f3n.<\/span><\/p>\n<p>&nbsp;<\/p><\/blockquote>\n<ul>\n<li><span style=\"font-weight: 400;\">Gestionar el <\/span><b>curr\u00edculum <\/b><span style=\"font-weight: 400;\">remitido por el interesado a trav\u00e9s del formulario habilitado para tal efecto e incluirlo en la base de datos de candidatos de la empresa. Estos datos se conservar\u00e1n durante el plazo m\u00e1ximo de un a\u00f1o, transcurrido el cual, se proceder\u00e1 al bloqueo de los datos durante el tiempo establecido legalmente, garantiz\u00e1ndole un total respeto a la confidencialidad tanto en el tratamiento como en su posterior destrucci\u00f3n.<\/span><\/li>\n<\/ul>\n<blockquote><p><span style=\"font-weight: 400;\">La base leg\u00edtima para gestionar y tratar el curr\u00edculum del interesado es su consentimiento el cual manifiesta al realizar una acci\u00f3n afirmativa de env\u00edo del mismo y seleccionar la casilla de aceptaci\u00f3n de nuestra pol\u00edtica de privacidad previamente a su env\u00edo. El usuario tiene derecho a revocar su consentimiento en cualquier momento sin que ello afecte a la licitud del tratamiento basado en el consentimiento previo a su retirada.<\/span><\/p>\n<p>&nbsp;<\/p><\/blockquote>\n<ul>\n<li><span style=\"font-weight: 400;\">Dar de alta como \u201cusuario registrado\u201d a trav\u00e9s <\/span><b>del formulario de registro <\/b><span style=\"font-weight: 400;\">situado en la web y que permitir\u00e1 al usuario acceder a su \u00e1rea privada de servicios e informarle de nuestras actividades, pudi\u00e9ndole remitir por cualquier medio electr\u00f3nico comunicaciones comerciales de las novedades de nuestros servicios. Estos datos los conservaremos mientras el usuario no solicite su baja del registro y durante el tiempo establecido por la ley con una duraci\u00f3n m\u00ednima de 3 a\u00f1os.<\/span><\/li>\n<\/ul>\n<blockquote><p><span style=\"font-weight: 400;\">La base de legitimaci\u00f3n del tratamiento de los datos ser\u00e1 el consentimiento que otorga el usuario al registrarse a trav\u00e9s del formulario de registro y seleccionar la casilla de aceptaci\u00f3n de nuestra pol\u00edtica de privacidad antes de enviar su solicitud. El usuario tiene derecho a revocar su consentimiento en cualquier momento sin que ello afecte a la licitud del tratamiento basado en el consentimiento previo a su retirada.<\/span><\/p><\/blockquote>\n<ul>\n<li>Descargar a trav\u00e9s de Apple Store o Google Play de la aplicaci\u00f3n VINCULAPP.<\/li>\n<\/ul>\n<ul>\n<li><span style=\"font-weight: 400;\">Mejorar su experiencia al navegar por la web. Estos datos los conservaremos mientras el usuario no revoque su consentimiento al tratamiento de los mismos eliminando las cookies y durante el tiempo establecido por la ley con una duraci\u00f3n m\u00ednima de 3 a\u00f1os.<\/span><\/li>\n<\/ul>\n<blockquote><p><span style=\"font-weight: 400;\">La base de legitimaci\u00f3n para mejorar su experiencia al navegar por la web es el consentimiento que otorga el usuario al aceptar las cookies. El usuario tiene derecho a revocar su consentimiento en cualquier momento sin que ello afecte a la licitud del tratamiento basado en el consentimiento previo a su retirada.<\/span><span style=\"font-weight: 400;\"><br \/>\n<\/span><\/p><\/blockquote>\n<p>&nbsp;<\/p>\n<ul>\n<li><span style=\"font-weight: 400;\">Gestionar nuestras <\/span><b>redes sociales <\/b><span style=\"font-weight: 400;\">y enviarle informaci\u00f3n sobre nuestras actividades y productos. Estos datos los conservaremos mientras el usuario no revoque su consentimiento al tratamiento de los mismos y durante el tiempo establecido por la ley con una duraci\u00f3n m\u00ednima de 3 a\u00f1os.<\/span><\/li>\n<\/ul>\n<blockquote><p><span style=\"font-weight: 400;\">La base leg\u00edtima para gestionar nuestras redes sociales y enviarle nuestras actividades y novedades, es el consentimiento que nos otorga para ello. El usuario tiene derecho a revocar su consentimiento en cualquier momento sin que ello afecte a la licitud del tratamiento basado en el consentimiento previo a su retirada.<\/span><\/p><\/blockquote>\n<p>&nbsp;<\/p>\n<p><b>Cesi\u00f3n o comunicaci\u00f3n de datos personales y transferencias internacionales:<\/b><\/p>\n<p><span style=\"font-weight: 400;\">Sus datos no se comunicar\u00e1n ni ser\u00e1n cedidos a terceros salvo que exista alguna obligaci\u00f3n legal o aquellos prestadores vinculados al Responsable que act\u00faan como encargados del tratamiento.<\/span><\/p>\n<p><span style=\"font-weight: 400;\">No se realizan transferencias internacionales, para el caso en que en alg\u00fan momento pudieran realizarse, se le comunicar\u00e1n con el objeto de obtener su consentimiento.<\/span><\/p>\n<p>&nbsp;<\/p>\n<p><b>Actualizaci\u00f3n de datos<\/b><\/p>\n<p><span style=\"font-weight: 400;\">Es importante que para que podamos mantener los datos personales actualizados, el usuario nos informe siempre que haya habido alguna modificaci\u00f3n en ellos, en caso contrario, no respondemos de la veracidad de los mismos.<\/span><\/p>\n<p><span style=\"font-weight: 400;\">El usuario garantiza que los datos personales facilitados son veraces garantizando que toda la informaci\u00f3n facilitada corresponde con la situaci\u00f3n real, que est\u00e1 actualizada y es exacta, quedando obligado a comunicar cualquier modificaci\u00f3n.<\/span><\/p>\n<p>&nbsp;<\/p>\n<p><b>Datos de Terceros<\/b><\/p>\n<p><span style=\"font-weight: 400;\">Si el usuario facilita datos de terceras personas para cualquier finalidad a FUNDACIO AMPANS, garantiza que ha obtenido estos datos de forma l\u00edcita, que ha informado previamente a los afectados, obteniendo su consentimiento para comunicarlos y que la informaci\u00f3n facilitada es exacta y veraz.<\/span><\/p>\n<p>&nbsp;<\/p>\n<p><b>Car\u00e1cter obligatorio de la informaci\u00f3n solicitada<\/b><\/p>\n<p><span style=\"font-weight: 400;\">Todos nuestros formularios cuentan con un asterisco (*) en los datos obligatorios. Si el usuario no facilita esos campos, o no marca la casilla de aceptaci\u00f3n de la pol\u00edtica de privacidad, no se permitir\u00e1 el env\u00edo de la informaci\u00f3n.<\/span><\/p>\n<p>&nbsp;<\/p>\n<p><b>Uso de las contrase\u00f1as<\/b><\/p>\n<p><span style=\"font-weight: 400;\">Para poder acceder al \u00c1rea Privada, el USUARIO deber\u00e1 \u201cIniciar Sesi\u00f3n\u201d e incluir la direcci\u00f3n del correo electr\u00f3nico y contrase\u00f1a generada en el formulario de registro de acuerdo a las reglas de complejidad que se establezcan en cada momento en la web.<\/span><\/p>\n<p><span style=\"font-weight: 400;\">Los usuarios son responsables de la adecuada custodia y confidencialidad de cualesquiera de los identificadores y\/o contrase\u00f1as que hayan seleccionado en el registro, y se comprometen a no ceder su uso a terceros, ni permitir su acceso a personas ajenas.<\/span><\/p>\n<p><span style=\"font-weight: 400;\">Asimismo, ser\u00e1 obligaci\u00f3n del usuario notificar de forma inmediata al Responsable cualquier hecho que permita el uso indebido de los identificadores y\/o contrase\u00f1as, tales como el robo, el extrav\u00edo, o el acceso no autorizado a los mismos, con el fin de proceder a su inmediata cancelaci\u00f3n.<\/span><\/p>\n<p>&nbsp;<\/p>\n<p><b>Derechos de los interesados<\/b><span style=\"font-weight: 400;\">:<\/span><\/p>\n<p><span style=\"font-weight: 400;\">Tiene derecho a acceder a sus datos y a obtener confirmaci\u00f3n sobre su tratamiento, as\u00ed como una copia de los datos personales objeto de tratamiento. Tiene derecho a actualizarlos y solicitar la rectificaci\u00f3n de los datos que sean inexactos o solicitar la supresi\u00f3n cuando los datos no sean necesarios para los fines para los que fueron recabados.<\/span><\/p>\n<p><span style=\"font-weight: 400;\">Puede solicitar la limitaci\u00f3n en el tratamiento de sus datos y oponerse al tratamiento de los mismos revocando su consentimiento, as\u00ed como ejercer el derecho a la portabilidad de los datos. Del mismo modo, tiene derecho a no ser objeto de decisiones basadas \u00fanicamente en el tratamiento automatizado de sus datos personales. Puede ejercer sus derechos contactando con nosotros C\/ Bernat de Cabrera, 8 &#8211; 08242 Manresa (Barcelona). Email: <a href=\"mailto:protecciodades@ampans.cat\">delegatprotecciodades@ampans.cat<\/a> Web: <\/span><a href=\"mailto:protecciodades@ampans.cat\"><span style=\"font-weight: 400;\">protecciodades@ampans.cat<\/span><\/a><\/p>\n<p><span style=\"font-weight: 400;\">Si considera que sus derechos no se han atendido debidamente, tiene derecho a presentar una reclamaci\u00f3n ante la autoridad de control en <\/span><a href=\"http:\/\/www.aepd.es\/\"><span style=\"font-weight: 400;\">www.aepd.es<\/span><\/a><\/p>\n<p>&nbsp;<\/p>\n<p><b>Tratamiento de datos de Menores de edad<\/b><\/p>\n<p><span style=\"font-weight: 400;\">Quien facilita los datos a trav\u00e9s de los formularios de esta web y acepta su tratamiento declara ser mayor de 14 a\u00f1os, quedando prohibido el acceso y uso del portal a menores de dicha edad. Si en alg\u00fan momento, el Responsable detecta que un menor de 14 a\u00f1os ha proporcionado datos de car\u00e1cter personal, procederemos a la cancelaci\u00f3n de los mismos. Asimismo, los padres o tutores podr\u00e1n en cualquier caso dirigirse a FUNDACIO AMPANS para bloquear la cuenta de acceso de los menores a su cargo que se hubieran registrado falseando su identidad.<\/span><\/p>\n<p>&nbsp;<\/p>\n<p><b>Redes sociales<\/b><\/p>\n<p><span style=\"font-weight: 400;\">El objeto de las herramientas como Facebook, Twitter, Instagram, etc. u otras redes sociales es dar visibilidad y difusi\u00f3n a las actividades que desarrolla nuestra organizaci\u00f3n. Estas herramientas almacenan datos personales en los servidores de los servicios respectivos y se rigen por su propia pol\u00edtica de privacidad. Se recomienda la revisi\u00f3n y la lectura de las condiciones de uso y pol\u00edtica de privacidad de la red social en el momento de registrarse, teniendo en cuenta las diferentes posibilidades de configuraci\u00f3n en relaci\u00f3n al grado de privacidad del perfil de usuario en la red social.<\/span><\/p>\n<p><span style=\"font-weight: 400;\">Asimismo, el Responsable se reserva el derecho de eliminar de sus redes sociales cualquier informaci\u00f3n publicada por terceros que vulnere la legalidad, incite a hacerlo o contenga mensajes que atenten contra la dignidad de personas o instituciones. Como tambi\u00e9n el derecho a bloquear o denunciar el perfil autor de estos mensajes.<\/span><\/p>\n<p>&nbsp;<\/p>\n<p><b>Tratamiento de Cookies:<\/b><\/p>\n<p><span style=\"font-weight: 400;\">Una cookie es un peque\u00f1o archivo que se descarga y almacena en el ordenador del usuario cuando este accede a una p\u00e1gina web. Las Cookies permiten a la web, entre otras cosas, almacenar y recuperar informaci\u00f3n sobre los h\u00e1bitos de navegaci\u00f3n del usuario o de su equipo y, dependiendo de la informaci\u00f3n que contengan y de la forma en que utilice su equipo, pueden utilizarse para reconocer al usuario.<\/span><\/p>\n<p><span style=\"font-weight: 400;\">El usuario tiene la opci\u00f3n de impedir la generaci\u00f3n de cookies, mediante la selecci\u00f3n de la correspondiente opci\u00f3n en su programa de navegador. Puede obtener m\u00e1s informaci\u00f3n leyendo nuestra <\/span><span style=\"font-weight: 400;\">Pol\u00edtica de Cookies<\/span><span style=\"font-weight: 400;\">.<\/span><\/p>\n<p>&nbsp;<\/p>\n<p><i><span style=\"font-weight: 400;\">Fecha de actualizaci\u00f3n: 25\/02\/2022<\/span><\/i><\/p>\n","protected":false},"excerpt":{"rendered":"<p>\u00a0 Pol\u00edtica de Privacidad &nbsp; Responsable del Tratamiento La empresa responsable del tratamiento de sus datos en virtud de esta Pol\u00edtica de privacidad es: &nbsp; FUNDACIO AMPANS NIF: G08444671 Domicilio: C\/ Bernat de Cabrera, 8 &#8211; 08242 Manresa (Barcelona) Direcci\u00f3n de correo electr\u00f3nico: delegatprotecciodades@ampans.cat Web: https:\/\/www.ampans.cat\/es\/ Tel\u00e9fono: 93 827 23 00 Inscrita en el Registre [&hellip;]<\/p>\n","protected":false},"author":16,"featured_media":0,"parent":0,"menu_order":0,"comment_status":"closed","ping_status":"closed","template":"","meta":{"_acf_changed":false,"inline_featured_image":false,"footnotes":""},"tipus_de_pagina":[],"ambits_principals":[],"edat":[],"situacio_laboral":[],"tipus_formacio":[],"itineraris":[],"class_list":["post-7353","page","type-page","status-publish","hentry"],"acf":[],"yoast_head":"<!-- This site is optimized with the Yoast SEO plugin v27.4 - https:\/\/yoast.com\/product\/yoast-seo-wordpress\/ -->\n<title>Pol\u00ed\u00adtica de Privacidad | AMPANS<\/title>\n<meta name=\"robots\" content=\"noindex, nofollow\" \/>\n<meta property=\"og:locale\" content=\"es_ES\" \/>\n<meta property=\"og:type\" content=\"article\" \/>\n<meta property=\"og:title\" content=\"Pol\u00ed\u00adtica de Privacidad | AMPANS\" \/>\n<meta property=\"og:description\" content=\"\u00a0 Pol\u00edtica de Privacidad &nbsp; Responsable del Tratamiento La empresa responsable del tratamiento de sus datos en virtud de esta Pol\u00edtica de privacidad es: &nbsp; FUNDACIO AMPANS NIF: G08444671 Domicilio: C\/ Bernat de Cabrera, 8 &#8211; 08242 Manresa (Barcelona) Direcci\u00f3n de correo electr\u00f3nico: delegatprotecciodades@ampans.cat Web: https:\/\/www.ampans.cat\/es\/ Tel\u00e9fono: 93 827 23 00 Inscrita en el Registre [&hellip;]\" \/>\n<meta property=\"og:url\" content=\"https:\/\/ampans.cat\/es\/politica-privacidad\/\" \/>\n<meta property=\"og:site_name\" content=\"AMPANS\" \/>\n<meta property=\"article:modified_time\" content=\"2023-11-24T10:22:43+00:00\" \/>\n<meta name=\"twitter:card\" content=\"summary_large_image\" \/>\n<meta name=\"twitter:label1\" content=\"Tiempo de lectura\" \/>\n\t<meta name=\"twitter:data1\" content=\"9 minutos\" \/>\n<script type=\"application\/ld+json\" class=\"yoast-schema-graph\">{\"@context\":\"https:\\\/\\\/schema.org\",\"@graph\":[{\"@type\":\"WebPage\",\"@id\":\"https:\\\/\\\/ampans.cat\\\/es\\\/politica-privacidad\\\/\",\"url\":\"https:\\\/\\\/ampans.cat\\\/es\\\/politica-privacidad\\\/\",\"name\":\"Pol\u00ed\u00adtica de Privacidad | AMPANS\",\"isPartOf\":{\"@id\":\"https:\\\/\\\/ampans.cat\\\/es\\\/#website\"},\"datePublished\":\"2022-03-31T10:07:20+00:00\",\"dateModified\":\"2023-11-24T10:22:43+00:00\",\"breadcrumb\":{\"@id\":\"https:\\\/\\\/ampans.cat\\\/es\\\/politica-privacidad\\\/#breadcrumb\"},\"inLanguage\":\"es\",\"potentialAction\":[{\"@type\":\"ReadAction\",\"target\":[\"https:\\\/\\\/ampans.cat\\\/es\\\/politica-privacidad\\\/\"]}]},{\"@type\":\"BreadcrumbList\",\"@id\":\"https:\\\/\\\/ampans.cat\\\/es\\\/politica-privacidad\\\/#breadcrumb\",\"itemListElement\":[{\"@type\":\"ListItem\",\"position\":1,\"name\":\"Home\",\"item\":\"https:\\\/\\\/ampans.cat\\\/es\\\/\"},{\"@type\":\"ListItem\",\"position\":2,\"name\":\"Pol\u00ed\u00adtica de Privacidad\"}]},{\"@type\":\"WebSite\",\"@id\":\"https:\\\/\\\/ampans.cat\\\/es\\\/#website\",\"url\":\"https:\\\/\\\/ampans.cat\\\/es\\\/\",\"name\":\"AMPANS\",\"description\":\"\",\"publisher\":{\"@id\":\"https:\\\/\\\/ampans.cat\\\/es\\\/#organization\"},\"potentialAction\":[{\"@type\":\"SearchAction\",\"target\":{\"@type\":\"EntryPoint\",\"urlTemplate\":\"https:\\\/\\\/ampans.cat\\\/es\\\/?s={search_term_string}\"},\"query-input\":{\"@type\":\"PropertyValueSpecification\",\"valueRequired\":true,\"valueName\":\"search_term_string\"}}],\"inLanguage\":\"es\"},{\"@type\":\"Organization\",\"@id\":\"https:\\\/\\\/ampans.cat\\\/es\\\/#organization\",\"name\":\"AMPANS\",\"url\":\"https:\\\/\\\/ampans.cat\\\/es\\\/\",\"logo\":{\"@type\":\"ImageObject\",\"inLanguage\":\"es\",\"@id\":\"https:\\\/\\\/ampans.cat\\\/es\\\/#\\\/schema\\\/logo\\\/image\\\/\",\"url\":\"https:\\\/\\\/ampans.cat\\\/wp-content\\\/uploads\\\/2022\\\/06\\\/animat-ampans-big.gif\",\"contentUrl\":\"https:\\\/\\\/ampans.cat\\\/wp-content\\\/uploads\\\/2022\\\/06\\\/animat-ampans-big.gif\",\"width\":1200,\"height\":312,\"caption\":\"AMPANS\"},\"image\":{\"@id\":\"https:\\\/\\\/ampans.cat\\\/es\\\/#\\\/schema\\\/logo\\\/image\\\/\"}}]}<\/script>\n<!-- \/ Yoast SEO plugin. -->","yoast_head_json":{"title":"Pol\u00ed\u00adtica de Privacidad | AMPANS","robots":{"index":"noindex","follow":"nofollow"},"og_locale":"es_ES","og_type":"article","og_title":"Pol\u00ed\u00adtica de Privacidad | AMPANS","og_description":"\u00a0 Pol\u00edtica de Privacidad &nbsp; Responsable del Tratamiento La empresa responsable del tratamiento de sus datos en virtud de esta Pol\u00edtica de privacidad es: &nbsp; FUNDACIO AMPANS NIF: G08444671 Domicilio: C\/ Bernat de Cabrera, 8 &#8211; 08242 Manresa (Barcelona) Direcci\u00f3n de correo electr\u00f3nico: delegatprotecciodades@ampans.cat Web: https:\/\/www.ampans.cat\/es\/ Tel\u00e9fono: 93 827 23 00 Inscrita en el Registre [&hellip;]","og_url":"https:\/\/ampans.cat\/es\/politica-privacidad\/","og_site_name":"AMPANS","article_modified_time":"2023-11-24T10:22:43+00:00","twitter_card":"summary_large_image","twitter_misc":{"Tiempo de lectura":"9 minutos"},"schema":{"@context":"https:\/\/schema.org","@graph":[{"@type":"WebPage","@id":"https:\/\/ampans.cat\/es\/politica-privacidad\/","url":"https:\/\/ampans.cat\/es\/politica-privacidad\/","name":"Pol\u00ed\u00adtica de Privacidad | AMPANS","isPartOf":{"@id":"https:\/\/ampans.cat\/es\/#website"},"datePublished":"2022-03-31T10:07:20+00:00","dateModified":"2023-11-24T10:22:43+00:00","breadcrumb":{"@id":"https:\/\/ampans.cat\/es\/politica-privacidad\/#breadcrumb"},"inLanguage":"es","potentialAction":[{"@type":"ReadAction","target":["https:\/\/ampans.cat\/es\/politica-privacidad\/"]}]},{"@type":"BreadcrumbList","@id":"https:\/\/ampans.cat\/es\/politica-privacidad\/#breadcrumb","itemListElement":[{"@type":"ListItem","position":1,"name":"Home","item":"https:\/\/ampans.cat\/es\/"},{"@type":"ListItem","position":2,"name":"Pol\u00ed\u00adtica de Privacidad"}]},{"@type":"WebSite","@id":"https:\/\/ampans.cat\/es\/#website","url":"https:\/\/ampans.cat\/es\/","name":"AMPANS","description":"","publisher":{"@id":"https:\/\/ampans.cat\/es\/#organization"},"potentialAction":[{"@type":"SearchAction","target":{"@type":"EntryPoint","urlTemplate":"https:\/\/ampans.cat\/es\/?s={search_term_string}"},"query-input":{"@type":"PropertyValueSpecification","valueRequired":true,"valueName":"search_term_string"}}],"inLanguage":"es"},{"@type":"Organization","@id":"https:\/\/ampans.cat\/es\/#organization","name":"AMPANS","url":"https:\/\/ampans.cat\/es\/","logo":{"@type":"ImageObject","inLanguage":"es","@id":"https:\/\/ampans.cat\/es\/#\/schema\/logo\/image\/","url":"https:\/\/ampans.cat\/wp-content\/uploads\/2022\/06\/animat-ampans-big.gif","contentUrl":"https:\/\/ampans.cat\/wp-content\/uploads\/2022\/06\/animat-ampans-big.gif","width":1200,"height":312,"caption":"AMPANS"},"image":{"@id":"https:\/\/ampans.cat\/es\/#\/schema\/logo\/image\/"}}]}},"_links":{"self":[{"href":"https:\/\/ampans.cat\/es\/wp-json\/wp\/v2\/pages\/7353","targetHints":{"allow":["GET"]}}],"collection":[{"href":"https:\/\/ampans.cat\/es\/wp-json\/wp\/v2\/pages"}],"about":[{"href":"https:\/\/ampans.cat\/es\/wp-json\/wp\/v2\/types\/page"}],"author":[{"embeddable":true,"href":"https:\/\/ampans.cat\/es\/wp-json\/wp\/v2\/users\/16"}],"replies":[{"embeddable":true,"href":"https:\/\/ampans.cat\/es\/wp-json\/wp\/v2\/comments?post=7353"}],"version-history":[{"count":8,"href":"https:\/\/ampans.cat\/es\/wp-json\/wp\/v2\/pages\/7353\/revisions"}],"predecessor-version":[{"id":20678,"href":"https:\/\/ampans.cat\/es\/wp-json\/wp\/v2\/pages\/7353\/revisions\/20678"}],"wp:attachment":[{"href":"https:\/\/ampans.cat\/es\/wp-json\/wp\/v2\/media?parent=7353"}],"wp:term":[{"taxonomy":"tipus_de_pagina","embeddable":true,"href":"https:\/\/ampans.cat\/es\/wp-json\/wp\/v2\/tipus_de_pagina?post=7353"},{"taxonomy":"ambits_principals","embeddable":true,"href":"https:\/\/ampans.cat\/es\/wp-json\/wp\/v2\/ambits_principals?post=7353"},{"taxonomy":"edat","embeddable":true,"href":"https:\/\/ampans.cat\/es\/wp-json\/wp\/v2\/edat?post=7353"},{"taxonomy":"situacio_laboral","embeddable":true,"href":"https:\/\/ampans.cat\/es\/wp-json\/wp\/v2\/situacio_laboral?post=7353"},{"taxonomy":"tipus_formacio","embeddable":true,"href":"https:\/\/ampans.cat\/es\/wp-json\/wp\/v2\/tipus_formacio?post=7353"},{"taxonomy":"itineraris","embeddable":true,"href":"https:\/\/ampans.cat\/es\/wp-json\/wp\/v2\/itineraris?post=7353"}],"curies":[{"name":"wp","href":"https:\/\/api.w.org\/{rel}","templated":true}]}}